{"id":45,"date":"2019-12-21T14:57:07","date_gmt":"2019-12-21T14:57:07","guid":{"rendered":"https:\/\/esef.uit.ac.ma\/?page_id=45"},"modified":"2020-04-29T23:43:22","modified_gmt":"2020-04-29T23:43:22","slug":"mot-de-la-direction","status":"publish","type":"page","link":"https:\/\/esef.uit.ac.ma\/?page_id=45","title":{"rendered":"Mot de la direction"},"content":{"rendered":"\n<h2 class=\"has-text-align-center wp-block-heading\"><strong>Mot de la direction<\/strong><\/h2>\n\n\n<h4 style=\"text-align: justify;\"><strong>L\u2019Ecole Sup\u00e9rieure de l\u2019Education et de la Formation est anim\u00e9e par la volont\u00e9\u00a0d\u2019offrir aux \u00e9tudiantes et \u00e9tudiants des conditions d\u2019accueil et d\u2019encadrement assurant leur r\u00e9ussite.<\/strong><\/h4>\n<h4 style=\"text-align: justify;\">\u00a0<\/h4>\n<h4 style=\"text-align: justify;\"><strong>Plusieurs projets d\u2019avenir inspirent l\u2019Ecole et mobilisent le corps professoral ainsi le personnel administratif avec pour toile de fond une pr\u00e9occupation particuli\u00e8re envers la qualit\u00e9 des programmes d\u2019enseignement et de la recherche, l\u2019articulation des liens entre th\u00e9orie et pratique ainsi que le d\u00e9veloppement de projets \u00e0 caract\u00e8re international.<\/strong><\/h4>\n<h4 style=\"text-align: justify;\">\u00a0<\/h4>\n<h4 style=\"text-align: justify;\"><strong>Son offre compl\u00e8te de programmes\u00a0tout cycle confondu dans les domaines de l\u2019enseignement, de l\u2019intervention et de l\u2019administration en \u00e9ducation attire des \u00e9tudiants de tous les horizons, aux objectifs professionnels et personnels diversifi\u00e9s.<\/strong><\/h4>","protected":false},"excerpt":{"rendered":"<p>Mot de la direction L\u2019Ecole Sup\u00e9rieure de l\u2019Education et de la Formation est anim\u00e9e par la volont\u00e9\u00a0d\u2019offrir aux \u00e9tudiantes et \u00e9tudiants des conditions d\u2019accueil et d\u2019encadrement assurant leur r\u00e9ussite. \u00a0 Plusieurs projets d\u2019avenir inspirent l\u2019Ecole et mobilisent le corps professoral ainsi le personnel administratif avec pour toile de fond une pr\u00e9occupation particuli\u00e8re envers la qualit\u00e9&#8230;<\/p>\n","protected":false},"author":3,"featured_media":0,"parent":0,"menu_order":0,"comment_status":"closed","ping_status":"closed","template":"","meta":{"footnotes":""},"class_list":["post-45","page","type-page","status-publish","hentry"],"_links":{"self":[{"href":"https:\/\/esef.uit.ac.ma\/index.php?rest_route=\/wp\/v2\/pages\/45","targetHints":{"allow":["GET"]}}],"collection":[{"href":"https:\/\/esef.uit.ac.ma\/index.php?rest_route=\/wp\/v2\/pages"}],"about":[{"href":"https:\/\/esef.uit.ac.ma\/index.php?rest_route=\/wp\/v2\/types\/page"}],"author":[{"embeddable":true,"href":"https:\/\/esef.uit.ac.ma\/index.php?rest_route=\/wp\/v2\/users\/3"}],"replies":[{"embeddable":true,"href":"https:\/\/esef.uit.ac.ma\/index.php?rest_route=%2Fwp%2Fv2%2Fcomments&post=45"}],"version-history":[{"count":15,"href":"https:\/\/esef.uit.ac.ma\/index.php?rest_route=\/wp\/v2\/pages\/45\/revisions"}],"predecessor-version":[{"id":1413,"href":"https:\/\/esef.uit.ac.ma\/index.php?rest_route=\/wp\/v2\/pages\/45\/revisions\/1413"}],"wp:attachment":[{"href":"https:\/\/esef.uit.ac.ma\/index.php?rest_route=%2Fwp%2Fv2%2Fmedia&parent=45"}],"curies":[{"name":"wp","href":"https:\/\/api.w.org\/{rel}","templated":true}]}}