{"id":212,"date":"2019-12-23T17:07:33","date_gmt":"2019-12-23T17:07:33","guid":{"rendered":"https:\/\/esef.uit.ac.ma\/?page_id=212"},"modified":"2020-04-13T17:06:46","modified_gmt":"2020-04-13T17:06:46","slug":"science-de-la-vie-et-de-la-terre","status":"publish","type":"page","link":"https:\/\/esef.uit.ac.ma\/?page_id=212","title":{"rendered":"Science de la Vie et de la Terre"},"content":{"rendered":"<h3 style=\"text-align: justify;\"><span style=\"color: #3366ff;\"><strong>Pr\u00e9sentation&nbsp; de la formation&nbsp;:<\/strong><\/span><\/h3>\n<h4 style=\"text-align: justify;\">Le laur\u00e9at de la licence en \u00e9ducation, option enseignement secondaire, sera en mesure de poursuivre une formation qualifiante dans l\u2019enseignement public ou priv\u00e9, ou bien poursuivre ses \u00e9tudes sup\u00e9rieures, en mobilisant ses comp\u00e9tences disciplinaires, linguistiques, communicatives, p\u00e9dagogiques, didactiques et technologiques acquises dans les diff\u00e9rents modules.<\/h4>\n<p><\/p>\n<h3 style=\"text-align: justify;\"><span style=\"color: #3366ff;\"><strong>Comp\u00e9tences a acqu\u00e9rir&nbsp;:<\/strong><\/span><\/h3>\n<h4>&#8211; Approfondissement\/Acquisition des savoirs et savoir-faire relatifs aux Sciences de la Vie et de la Terre ;<\/h4>\n<h4>&#8211; Acquisition des connaissances de base en \u00e9ducation, en p\u00e9dagogie et en didactique de la (les) disciplines ;<\/h4>\n<h4>&#8211; Usage des technologies \u00e9ducatives ;<\/h4>\n<h4>&#8211; Acquisition des techniques d\u2019animation et de communication ;<\/h4>\n<h4>&#8211; Acquisition des fondamentaux et de la d\u00e9ontologie du m\u00e9tier d\u2019enseignement ;<\/h4>\n<h4>&#8211; Connaissance du milieu professionnel ;<\/h4>\n<h4>&#8211; Acquisition des capacit\u00e9s de l\u2019auto-formation.<\/h4>\n\n\n<div style=\"height:100px\" aria-hidden=\"true\" class=\"wp-block-spacer\"><\/div>\n\n\n\n<div class=\"wp-block-image\"><figure class=\"aligncenter size-large is-resized\"><img fetchpriority=\"high\" decoding=\"async\" src=\"https:\/\/esef.uit.ac.ma\/wp-content\/uploads\/2019\/12\/SVT.png\" alt=\"\" class=\"wp-image-249\" width=\"727\" height=\"1139\"\/><\/figure><\/div>\n","protected":false},"excerpt":{"rendered":"<p>Pr\u00e9sentation&nbsp; de la formation&nbsp;: Le laur\u00e9at de la licence en \u00e9ducation, option enseignement secondaire, sera en mesure de poursuivre une formation qualifiante dans l\u2019enseignement public ou priv\u00e9, ou bien poursuivre ses \u00e9tudes sup\u00e9rieures, en mobilisant ses comp\u00e9tences disciplinaires, linguistiques, communicatives, p\u00e9dagogiques, didactiques et technologiques acquises dans les diff\u00e9rents modules. Comp\u00e9tences a acqu\u00e9rir&nbsp;: &#8211; Approfondissement\/Acquisition des&#8230;<\/p>\n","protected":false},"author":3,"featured_media":0,"parent":0,"menu_order":0,"comment_status":"closed","ping_status":"closed","template":"","meta":{"footnotes":""},"class_list":["post-212","page","type-page","status-publish","hentry"],"_links":{"self":[{"href":"https:\/\/esef.uit.ac.ma\/index.php?rest_route=\/wp\/v2\/pages\/212","targetHints":{"allow":["GET"]}}],"collection":[{"href":"https:\/\/esef.uit.ac.ma\/index.php?rest_route=\/wp\/v2\/pages"}],"about":[{"href":"https:\/\/esef.uit.ac.ma\/index.php?rest_route=\/wp\/v2\/types\/page"}],"author":[{"embeddable":true,"href":"https:\/\/esef.uit.ac.ma\/index.php?rest_route=\/wp\/v2\/users\/3"}],"replies":[{"embeddable":true,"href":"https:\/\/esef.uit.ac.ma\/index.php?rest_route=%2Fwp%2Fv2%2Fcomments&post=212"}],"version-history":[{"count":7,"href":"https:\/\/esef.uit.ac.ma\/index.php?rest_route=\/wp\/v2\/pages\/212\/revisions"}],"predecessor-version":[{"id":1108,"href":"https:\/\/esef.uit.ac.ma\/index.php?rest_route=\/wp\/v2\/pages\/212\/revisions\/1108"}],"wp:attachment":[{"href":"https:\/\/esef.uit.ac.ma\/index.php?rest_route=%2Fwp%2Fv2%2Fmedia&parent=212"}],"curies":[{"name":"wp","href":"https:\/\/api.w.org\/{rel}","templated":true}]}}